{"id":2747,"date":"2024-04-15T16:33:19","date_gmt":"2024-04-15T16:33:19","guid":{"rendered":"https:\/\/www.hilfe-fuer-guasmo.de\/?page_id=2747"},"modified":"2024-04-15T18:14:23","modified_gmt":"2024-04-15T18:14:23","slug":"kulturtour-in-guayaquil-maerz-2024","status":"publish","type":"page","link":"https:\/\/www.hilfe-fuer-guasmo.de\/es\/aktuelles\/neues-aus-den-projekten\/kulturtour-in-guayaquil-maerz-2024\/","title":{"rendered":"Kulturtour in Guayaquil M\u00e4rz 2024"},"content":{"rendered":"\n<p>Am 26. M\u00e4rz erhielten unsere Stipendiaten und Stipendiatinnen eine Einladung von der Stiftung Malec\u00f3n 2000, kostenlos an einer Kulturtour teilzunehmen. Auch die Fahrtkosten zum Malec\u00f3n, der modernen Flusspromenade mit Denkm\u00e4lern, Restaurants, G\u00e4rten, Kinos und vielen anderen Attraktionen, war umsonst.<\/p>\n\n\n\n<p>Besonders gefallen hat den Kindern und Jugendlichen der Dokumentarfilm Wings Over Water, den sie in einem echten Gro\u00dfstadtkino anschauen konnten, danach ging\u2019s zu einem Rundgang durch das Miniaturmuseum, wo die Geschichte Guayaquils dargestellt wird. Zum Abschluss gab es einen Vortrag zum Thema Umwelt mit anschlie\u00dfendem Gespr\u00e4ch.<\/p>\n\n\n\n<p>Wir freuen uns mit den M\u00e4dchen und Jungs, dass sie zwei lehrreiche und vergn\u00fcgte Stunden in einem gepflegten und sicheren Umfeld verbringen durften. Das war ein Highlight ihrer Ferien, wohnen sie doch in der Regel in tristen Stadtteilen.<\/p>\n\n\n\n<figure class=\"wp-block-image size-large\"><img loading=\"lazy\" width=\"1067\" height=\"800\" src=\"https:\/\/www.hilfe-fuer-guasmo.de\/wp-content\/uploads\/2024\/04\/Kulturtour_vor_Kino-1067x800.jpg\" alt=\"\" class=\"wp-image-2751\" srcset=\"https:\/\/www.hilfe-fuer-guasmo.de\/wp-content\/uploads\/2024\/04\/Kulturtour_vor_Kino-1067x800.jpg 1067w, https:\/\/www.hilfe-fuer-guasmo.de\/wp-content\/uploads\/2024\/04\/Kulturtour_vor_Kino-750x563.jpg 750w, https:\/\/www.hilfe-fuer-guasmo.de\/wp-content\/uploads\/2024\/04\/Kulturtour_vor_Kino-768x576.jpg 768w, https:\/\/www.hilfe-fuer-guasmo.de\/wp-content\/uploads\/2024\/04\/Kulturtour_vor_Kino-1536x1152.jpg 1536w, https:\/\/www.hilfe-fuer-guasmo.de\/wp-content\/uploads\/2024\/04\/Kulturtour_vor_Kino.jpg 1600w\" sizes=\"(max-width: 1067px) 100vw, 1067px\" \/><\/figure>\n\n\n\n<figure class=\"wp-block-gallery alignfull columns-2 is-cropped\"><ul class=\"blocks-gallery-grid\"><li class=\"blocks-gallery-item\"><figure><img loading=\"lazy\" width=\"600\" height=\"800\" src=\"https:\/\/www.hilfe-fuer-guasmo.de\/wp-content\/uploads\/2024\/04\/Kulturtour_im_Kino-600x800.jpg\" alt=\"\" data-id=\"2750\" data-full-url=\"https:\/\/www.hilfe-fuer-guasmo.de\/wp-content\/uploads\/2024\/04\/Kulturtour_im_Kino.jpg\" data-link=\"https:\/\/www.hilfe-fuer-guasmo.de\/kulturtour_im_kino\/\" class=\"wp-image-2750\" srcset=\"https:\/\/www.hilfe-fuer-guasmo.de\/wp-content\/uploads\/2024\/04\/Kulturtour_im_Kino-600x800.jpg 600w, https:\/\/www.hilfe-fuer-guasmo.de\/wp-content\/uploads\/2024\/04\/Kulturtour_im_Kino-450x600.jpg 450w, https:\/\/www.hilfe-fuer-guasmo.de\/wp-content\/uploads\/2024\/04\/Kulturtour_im_Kino-768x1024.jpg 768w, https:\/\/www.hilfe-fuer-guasmo.de\/wp-content\/uploads\/2024\/04\/Kulturtour_im_Kino-1152x1536.jpg 1152w, https:\/\/www.hilfe-fuer-guasmo.de\/wp-content\/uploads\/2024\/04\/Kulturtour_im_Kino.jpg 1200w\" sizes=\"(max-width: 600px) 100vw, 600px\" \/><\/figure><\/li><li class=\"blocks-gallery-item\"><figure><img loading=\"lazy\" width=\"600\" height=\"800\" src=\"https:\/\/www.hilfe-fuer-guasmo.de\/wp-content\/uploads\/2024\/04\/Kulturtour_Eingang-600x800.jpg\" alt=\"\" data-id=\"2749\" data-full-url=\"https:\/\/www.hilfe-fuer-guasmo.de\/wp-content\/uploads\/2024\/04\/Kulturtour_Eingang.jpg\" data-link=\"https:\/\/www.hilfe-fuer-guasmo.de\/kulturtour_eingang\/\" class=\"wp-image-2749\" srcset=\"https:\/\/www.hilfe-fuer-guasmo.de\/wp-content\/uploads\/2024\/04\/Kulturtour_Eingang-600x800.jpg 600w, https:\/\/www.hilfe-fuer-guasmo.de\/wp-content\/uploads\/2024\/04\/Kulturtour_Eingang-450x600.jpg 450w, https:\/\/www.hilfe-fuer-guasmo.de\/wp-content\/uploads\/2024\/04\/Kulturtour_Eingang-768x1024.jpg 768w, https:\/\/www.hilfe-fuer-guasmo.de\/wp-content\/uploads\/2024\/04\/Kulturtour_Eingang.jpg 960w\" sizes=\"(max-width: 600px) 100vw, 600px\" \/><\/figure><\/li><\/ul><\/figure>\n","protected":false},"excerpt":{"rendered":"<p>Am 26. M\u00e4rz erhielten unsere Stipendiaten und Stipendiatinnen eine Einladung von der Stiftung Malec\u00f3n 2000, kostenlos an einer Kulturtour teilzunehmen. Auch die Fahrtkosten zum Malec\u00f3n, der modernen Flusspromenade mit Denkm\u00e4lern, Restaurants, G\u00e4rten, Kinos und vielen anderen Attraktionen, war umsonst. Besonders gefallen hat den Kindern und Jugendlichen der Dokumentarfilm Wings Over Water, den sie in einem &hellip; <a href=\"https:\/\/www.hilfe-fuer-guasmo.de\/es\/aktuelles\/neues-aus-den-projekten\/kulturtour-in-guayaquil-maerz-2024\/\" class=\"more-link\">Seguir leyendo <span class=\"screen-reader-text\">Kulturtour in Guayaquil M\u00e4rz 2024<\/span> <span class=\"meta-nav\">&rarr;<\/span><\/a><\/p>\n","protected":false},"author":4,"featured_media":0,"parent":767,"menu_order":1,"comment_status":"closed","ping_status":"closed","template":"","meta":[],"translation":{"provider":"WPGlobus","version":"3.0.0","language":"es","enabled_languages":["de","es"],"languages":{"de":{"title":true,"content":true,"excerpt":false},"es":{"title":false,"content":false,"excerpt":false}}},"yoast_head":"<!-- This site is optimized with the Yoast SEO plugin v18.1 - https:\/\/yoast.com\/wordpress\/plugins\/seo\/ -->\n<meta name=\"robots\" content=\"index, follow, max-snippet:-1, max-image-preview:large, max-video-preview:-1\" \/>\n<link rel=\"canonical\" href=\"https:\/\/www.hilfe-fuer-guasmo.de\/aktuelles\/neues-aus-den-projekten\/kulturtour-in-guayaquil-maerz-2024\/\" \/>\n<meta property=\"og:locale\" content=\"es_ES\" \/>\n<meta property=\"og:type\" content=\"article\" \/>\n<meta property=\"og:title\" content=\"Kulturtour in Guayaquil M\u00e4rz 2024 - Hilfe fuer Guasmo\" \/>\n<meta property=\"og:url\" content=\"https:\/\/www.hilfe-fuer-guasmo.de\/aktuelles\/neues-aus-den-projekten\/kulturtour-in-guayaquil-maerz-2024\/\" \/>\n<meta property=\"og:site_name\" content=\"Hilfe fuer Guasmo\" \/>\n<meta property=\"article:modified_time\" content=\"2024-04-15T18:14:23+00:00\" \/>\n<meta property=\"og:image\" content=\"https:\/\/www.hilfe-fuer-guasmo.de\/wp-content\/uploads\/2024\/04\/Kulturtour_vor_Kino-1067x800.jpg\" \/>\n<meta name=\"twitter:card\" content=\"summary\" \/>\n<meta name=\"twitter:label1\" content=\"Tiempo de lectura\" \/>\n\t<meta name=\"twitter:data1\" content=\"2 minutos\" \/>\n<script type=\"application\/ld+json\" class=\"yoast-schema-graph\">{\"@context\":\"https:\/\/schema.org\",\"@graph\":[{\"@type\":\"WebSite\",\"@id\":\"https:\/\/www.hilfe-fuer-guasmo.de\/#website\",\"url\":\"https:\/\/www.hilfe-fuer-guasmo.de\/\",\"name\":\"Hilfe fuer Guasmo\",\"description\":\"apoyar a ni\u00f1os en Ecuador\",\"potentialAction\":[{\"@type\":\"SearchAction\",\"target\":{\"@type\":\"EntryPoint\",\"urlTemplate\":\"https:\/\/www.hilfe-fuer-guasmo.de\/?s={search_term_string}\"},\"query-input\":\"required name=search_term_string\"}],\"inLanguage\":\"es\"},{\"@type\":\"ImageObject\",\"@id\":\"https:\/\/www.hilfe-fuer-guasmo.de\/aktuelles\/neues-aus-den-projekten\/kulturtour-in-guayaquil-maerz-2024\/#primaryimage\",\"inLanguage\":\"es\",\"url\":\"https:\/\/www.hilfe-fuer-guasmo.de\/wp-content\/uploads\/2024\/04\/Kulturtour_vor_Kino.jpg\",\"contentUrl\":\"https:\/\/www.hilfe-fuer-guasmo.de\/wp-content\/uploads\/2024\/04\/Kulturtour_vor_Kino.jpg\",\"width\":1600,\"height\":1200},{\"@type\":\"WebPage\",\"@id\":\"https:\/\/www.hilfe-fuer-guasmo.de\/aktuelles\/neues-aus-den-projekten\/kulturtour-in-guayaquil-maerz-2024\/#webpage\",\"url\":\"https:\/\/www.hilfe-fuer-guasmo.de\/aktuelles\/neues-aus-den-projekten\/kulturtour-in-guayaquil-maerz-2024\/\",\"name\":\"Kulturtour in Guayaquil M\u00e4rz 2024 - Hilfe fuer Guasmo\",\"isPartOf\":{\"@id\":\"https:\/\/www.hilfe-fuer-guasmo.de\/#website\"},\"primaryImageOfPage\":{\"@id\":\"https:\/\/www.hilfe-fuer-guasmo.de\/aktuelles\/neues-aus-den-projekten\/kulturtour-in-guayaquil-maerz-2024\/#primaryimage\"},\"datePublished\":\"2024-04-15T16:33:19+00:00\",\"dateModified\":\"2024-04-15T18:14:23+00:00\",\"breadcrumb\":{\"@id\":\"https:\/\/www.hilfe-fuer-guasmo.de\/aktuelles\/neues-aus-den-projekten\/kulturtour-in-guayaquil-maerz-2024\/#breadcrumb\"},\"inLanguage\":\"es\",\"potentialAction\":[{\"@type\":\"ReadAction\",\"target\":[\"https:\/\/www.hilfe-fuer-guasmo.de\/aktuelles\/neues-aus-den-projekten\/kulturtour-in-guayaquil-maerz-2024\/\"]}]},{\"@type\":\"BreadcrumbList\",\"@id\":\"https:\/\/www.hilfe-fuer-guasmo.de\/aktuelles\/neues-aus-den-projekten\/kulturtour-in-guayaquil-maerz-2024\/#breadcrumb\",\"itemListElement\":[{\"@type\":\"ListItem\",\"position\":1,\"name\":\"Home\",\"item\":\"https:\/\/www.hilfe-fuer-guasmo.de\/\"},{\"@type\":\"ListItem\",\"position\":2,\"name\":\"Aktuelles\",\"item\":\"https:\/\/www.hilfe-fuer-guasmo.de\/aktuelles\/\"},{\"@type\":\"ListItem\",\"position\":3,\"name\":\"Neues aus Ecuador\",\"item\":\"https:\/\/www.hilfe-fuer-guasmo.de\/aktuelles\/neues-aus-den-projekten\/\"},{\"@type\":\"ListItem\",\"position\":4,\"name\":\"Kulturtour in Guayaquil M\u00e4rz 2024\"}]}]}<\/script>\n<!-- \/ Yoast SEO plugin. -->","yoast_head_json":{"robots":{"index":"index","follow":"follow","max-snippet":"max-snippet:-1","max-image-preview":"max-image-preview:large","max-video-preview":"max-video-preview:-1"},"canonical":"https:\/\/www.hilfe-fuer-guasmo.de\/aktuelles\/neues-aus-den-projekten\/kulturtour-in-guayaquil-maerz-2024\/","og_locale":"es_ES","og_type":"article","og_title":"Kulturtour in Guayaquil M\u00e4rz 2024 - Hilfe fuer Guasmo","og_url":"https:\/\/www.hilfe-fuer-guasmo.de\/aktuelles\/neues-aus-den-projekten\/kulturtour-in-guayaquil-maerz-2024\/","og_site_name":"Hilfe fuer Guasmo","article_modified_time":"2024-04-15T18:14:23+00:00","og_image":[{"url":"https:\/\/www.hilfe-fuer-guasmo.de\/wp-content\/uploads\/2024\/04\/Kulturtour_vor_Kino-1067x800.jpg"}],"twitter_card":"summary","twitter_misc":{"Tiempo de lectura":"2 minutos"},"schema":{"@context":"https:\/\/schema.org","@graph":[{"@type":"WebSite","@id":"https:\/\/www.hilfe-fuer-guasmo.de\/#website","url":"https:\/\/www.hilfe-fuer-guasmo.de\/","name":"Hilfe fuer Guasmo","description":"apoyar a ni\u00f1os en Ecuador","potentialAction":[{"@type":"SearchAction","target":{"@type":"EntryPoint","urlTemplate":"https:\/\/www.hilfe-fuer-guasmo.de\/?s={search_term_string}"},"query-input":"required name=search_term_string"}],"inLanguage":"es"},{"@type":"ImageObject","@id":"https:\/\/www.hilfe-fuer-guasmo.de\/aktuelles\/neues-aus-den-projekten\/kulturtour-in-guayaquil-maerz-2024\/#primaryimage","inLanguage":"es","url":"https:\/\/www.hilfe-fuer-guasmo.de\/wp-content\/uploads\/2024\/04\/Kulturtour_vor_Kino.jpg","contentUrl":"https:\/\/www.hilfe-fuer-guasmo.de\/wp-content\/uploads\/2024\/04\/Kulturtour_vor_Kino.jpg","width":1600,"height":1200},{"@type":"WebPage","@id":"https:\/\/www.hilfe-fuer-guasmo.de\/aktuelles\/neues-aus-den-projekten\/kulturtour-in-guayaquil-maerz-2024\/#webpage","url":"https:\/\/www.hilfe-fuer-guasmo.de\/aktuelles\/neues-aus-den-projekten\/kulturtour-in-guayaquil-maerz-2024\/","name":"Kulturtour in Guayaquil M\u00e4rz 2024 - Hilfe fuer Guasmo","isPartOf":{"@id":"https:\/\/www.hilfe-fuer-guasmo.de\/#website"},"primaryImageOfPage":{"@id":"https:\/\/www.hilfe-fuer-guasmo.de\/aktuelles\/neues-aus-den-projekten\/kulturtour-in-guayaquil-maerz-2024\/#primaryimage"},"datePublished":"2024-04-15T16:33:19+00:00","dateModified":"2024-04-15T18:14:23+00:00","breadcrumb":{"@id":"https:\/\/www.hilfe-fuer-guasmo.de\/aktuelles\/neues-aus-den-projekten\/kulturtour-in-guayaquil-maerz-2024\/#breadcrumb"},"inLanguage":"es","potentialAction":[{"@type":"ReadAction","target":["https:\/\/www.hilfe-fuer-guasmo.de\/aktuelles\/neues-aus-den-projekten\/kulturtour-in-guayaquil-maerz-2024\/"]}]},{"@type":"BreadcrumbList","@id":"https:\/\/www.hilfe-fuer-guasmo.de\/aktuelles\/neues-aus-den-projekten\/kulturtour-in-guayaquil-maerz-2024\/#breadcrumb","itemListElement":[{"@type":"ListItem","position":1,"name":"Home","item":"https:\/\/www.hilfe-fuer-guasmo.de\/"},{"@type":"ListItem","position":2,"name":"Aktuelles","item":"https:\/\/www.hilfe-fuer-guasmo.de\/aktuelles\/"},{"@type":"ListItem","position":3,"name":"Neues aus Ecuador","item":"https:\/\/www.hilfe-fuer-guasmo.de\/aktuelles\/neues-aus-den-projekten\/"},{"@type":"ListItem","position":4,"name":"Kulturtour in Guayaquil M\u00e4rz 2024"}]}]}},"_links":{"self":[{"href":"https:\/\/www.hilfe-fuer-guasmo.de\/es\/wp-json\/wp\/v2\/pages\/2747"}],"collection":[{"href":"https:\/\/www.hilfe-fuer-guasmo.de\/es\/wp-json\/wp\/v2\/pages"}],"about":[{"href":"https:\/\/www.hilfe-fuer-guasmo.de\/es\/wp-json\/wp\/v2\/types\/page"}],"author":[{"embeddable":true,"href":"https:\/\/www.hilfe-fuer-guasmo.de\/es\/wp-json\/wp\/v2\/users\/4"}],"replies":[{"embeddable":true,"href":"https:\/\/www.hilfe-fuer-guasmo.de\/es\/wp-json\/wp\/v2\/comments?post=2747"}],"version-history":[{"count":4,"href":"https:\/\/www.hilfe-fuer-guasmo.de\/es\/wp-json\/wp\/v2\/pages\/2747\/revisions"}],"predecessor-version":[{"id":2756,"href":"https:\/\/www.hilfe-fuer-guasmo.de\/es\/wp-json\/wp\/v2\/pages\/2747\/revisions\/2756"}],"up":[{"embeddable":true,"href":"https:\/\/www.hilfe-fuer-guasmo.de\/es\/wp-json\/wp\/v2\/pages\/767"}],"wp:attachment":[{"href":"https:\/\/www.hilfe-fuer-guasmo.de\/es\/wp-json\/wp\/v2\/media?parent=2747"}],"curies":[{"name":"wp","href":"https:\/\/api.w.org\/{rel}","templated":true}]}}