{"id":2683,"date":"2024-01-21T16:32:21","date_gmt":"2024-01-21T16:32:21","guid":{"rendered":"https:\/\/www.hilfe-fuer-guasmo.de\/?page_id=2683"},"modified":"2024-04-15T16:40:04","modified_gmt":"2024-04-15T16:40:04","slug":"weihnachten-2023","status":"publish","type":"page","link":"https:\/\/www.hilfe-fuer-guasmo.de\/es\/aktuelles\/neues-aus-den-projekten\/weihnachten-2023\/","title":{"rendered":""},"content":{"rendered":"\n<p>Im Dezember gab es in Guayaquil\/La Aurora wieder ein vorweihnachtliches Treffen unserer Sch\u00fctzlinge und im Januar fand in Puerto Napo das traditionelle Beisammensein der Stipendiatinnen zum Jahresauftakt  statt. Im Folgenden finden Sie einige Eindr\u00fccke.<\/p>\n\n\n\n<p style=\"font-size:32px\"><strong>Weihnachtsfeier in Guayaquil\/La Aurora<\/strong><\/p>\n\n\n\n<p>Gerne folgten die Stipendiatinnen und Stipendiaten der Einladung unserer Mitarbeiterinnen Jovhanka und Isabel zur Weihnachtsfeier am 09. Dezember und freuten sich \u00fcber das abwechslungsreiche Programm.<\/p>\n\n\n\n<figure class=\"wp-block-gallery columns-2 is-cropped\"><ul class=\"blocks-gallery-grid\"><li class=\"blocks-gallery-item\"><figure><img loading=\"lazy\" width=\"1003\" height=\"800\" src=\"https:\/\/www.hilfe-fuer-guasmo.de\/wp-content\/uploads\/2024\/01\/Weihnachstfeier_23_Milena-beim-Vortrag--1003x800.jpg\" alt=\"\" data-id=\"2690\" data-full-url=\"https:\/\/www.hilfe-fuer-guasmo.de\/wp-content\/uploads\/2024\/01\/Weihnachstfeier_23_Milena-beim-Vortrag--scaled.jpg\" data-link=\"https:\/\/www.hilfe-fuer-guasmo.de\/weihnachstfeier_23_milena-beim-vortrag\/\" class=\"wp-image-2690\" srcset=\"https:\/\/www.hilfe-fuer-guasmo.de\/wp-content\/uploads\/2024\/01\/Weihnachstfeier_23_Milena-beim-Vortrag--1003x800.jpg 1003w, https:\/\/www.hilfe-fuer-guasmo.de\/wp-content\/uploads\/2024\/01\/Weihnachstfeier_23_Milena-beim-Vortrag--750x598.jpg 750w, https:\/\/www.hilfe-fuer-guasmo.de\/wp-content\/uploads\/2024\/01\/Weihnachstfeier_23_Milena-beim-Vortrag--768x612.jpg 768w, https:\/\/www.hilfe-fuer-guasmo.de\/wp-content\/uploads\/2024\/01\/Weihnachstfeier_23_Milena-beim-Vortrag--1536x1225.jpg 1536w, https:\/\/www.hilfe-fuer-guasmo.de\/wp-content\/uploads\/2024\/01\/Weihnachstfeier_23_Milena-beim-Vortrag--2048x1633.jpg 2048w\" sizes=\"(max-width: 1003px) 100vw, 1003px\" \/><\/figure><\/li><li class=\"blocks-gallery-item\"><figure><img loading=\"lazy\" width=\"1024\" height=\"538\" src=\"https:\/\/www.hilfe-fuer-guasmo.de\/wp-content\/uploads\/2024\/01\/Weihnachtsfeier_23_HfG-dabei.jpg\" alt=\"\" data-id=\"2699\" data-full-url=\"https:\/\/www.hilfe-fuer-guasmo.de\/wp-content\/uploads\/2024\/01\/Weihnachtsfeier_23_HfG-dabei.jpg\" data-link=\"https:\/\/www.hilfe-fuer-guasmo.de\/weihnachtsfeier_23_hfg-dabei\/\" class=\"wp-image-2699\" srcset=\"https:\/\/www.hilfe-fuer-guasmo.de\/wp-content\/uploads\/2024\/01\/Weihnachtsfeier_23_HfG-dabei.jpg 1024w, https:\/\/www.hilfe-fuer-guasmo.de\/wp-content\/uploads\/2024\/01\/Weihnachtsfeier_23_HfG-dabei-750x394.jpg 750w, https:\/\/www.hilfe-fuer-guasmo.de\/wp-content\/uploads\/2024\/01\/Weihnachtsfeier_23_HfG-dabei-768x404.jpg 768w\" sizes=\"(max-width: 1024px) 100vw, 1024px\" \/><\/figure><\/li><\/ul><\/figure>\n\n\n\n<figure class=\"wp-block-image size-large\"><img loading=\"lazy\" width=\"1029\" height=\"800\" src=\"https:\/\/www.hilfe-fuer-guasmo.de\/wp-content\/uploads\/2024\/01\/Weihnachtsfeier23_Auszeichnungen_-1029x800.jpeg\" alt=\"\" class=\"wp-image-2692\" srcset=\"https:\/\/www.hilfe-fuer-guasmo.de\/wp-content\/uploads\/2024\/01\/Weihnachtsfeier23_Auszeichnungen_-1029x800.jpeg 1029w, https:\/\/www.hilfe-fuer-guasmo.de\/wp-content\/uploads\/2024\/01\/Weihnachtsfeier23_Auszeichnungen_-750x583.jpeg 750w, https:\/\/www.hilfe-fuer-guasmo.de\/wp-content\/uploads\/2024\/01\/Weihnachtsfeier23_Auszeichnungen_-768x597.jpeg 768w, https:\/\/www.hilfe-fuer-guasmo.de\/wp-content\/uploads\/2024\/01\/Weihnachtsfeier23_Auszeichnungen_.jpeg 1311w\" sizes=\"(max-width: 1029px) 100vw, 1029px\" \/><\/figure>\n\n\n\n<figure class=\"wp-block-gallery columns-2 is-cropped\"><ul class=\"blocks-gallery-grid\"><li class=\"blocks-gallery-item\"><figure><img loading=\"lazy\" width=\"608\" height=\"800\" src=\"https:\/\/www.hilfe-fuer-guasmo.de\/wp-content\/uploads\/2024\/01\/Weihnachtsfeier_23_Gutsch.-J-608x800.jpg\" alt=\"\" data-id=\"2695\" data-full-url=\"https:\/\/www.hilfe-fuer-guasmo.de\/wp-content\/uploads\/2024\/01\/Weihnachtsfeier_23_Gutsch.-J-scaled.jpg\" data-link=\"https:\/\/www.hilfe-fuer-guasmo.de\/weihnachtsfeier_23_gutsch-j\/\" class=\"wp-image-2695\" srcset=\"https:\/\/www.hilfe-fuer-guasmo.de\/wp-content\/uploads\/2024\/01\/Weihnachtsfeier_23_Gutsch.-J-608x800.jpg 608w, https:\/\/www.hilfe-fuer-guasmo.de\/wp-content\/uploads\/2024\/01\/Weihnachtsfeier_23_Gutsch.-J-456x600.jpg 456w, https:\/\/www.hilfe-fuer-guasmo.de\/wp-content\/uploads\/2024\/01\/Weihnachtsfeier_23_Gutsch.-J-768x1011.jpg 768w, https:\/\/www.hilfe-fuer-guasmo.de\/wp-content\/uploads\/2024\/01\/Weihnachtsfeier_23_Gutsch.-J-1167x1536.jpg 1167w, https:\/\/www.hilfe-fuer-guasmo.de\/wp-content\/uploads\/2024\/01\/Weihnachtsfeier_23_Gutsch.-J-1556x2048.jpg 1556w, https:\/\/www.hilfe-fuer-guasmo.de\/wp-content\/uploads\/2024\/01\/Weihnachtsfeier_23_Gutsch.-J-scaled.jpg 1946w\" sizes=\"(max-width: 608px) 100vw, 608px\" \/><\/figure><\/li><li class=\"blocks-gallery-item\"><figure><img loading=\"lazy\" width=\"600\" height=\"800\" src=\"https:\/\/www.hilfe-fuer-guasmo.de\/wp-content\/uploads\/2024\/01\/Weihnachtsfeier23_Isabel-600x800.jpeg\" alt=\"\" data-id=\"2693\" data-full-url=\"https:\/\/www.hilfe-fuer-guasmo.de\/wp-content\/uploads\/2024\/01\/Weihnachtsfeier23_Isabel.jpeg\" data-link=\"https:\/\/www.hilfe-fuer-guasmo.de\/weihnachtsfeier23_isabel\/\" class=\"wp-image-2693\" srcset=\"https:\/\/www.hilfe-fuer-guasmo.de\/wp-content\/uploads\/2024\/01\/Weihnachtsfeier23_Isabel-600x800.jpeg 600w, https:\/\/www.hilfe-fuer-guasmo.de\/wp-content\/uploads\/2024\/01\/Weihnachtsfeier23_Isabel-450x600.jpeg 450w, https:\/\/www.hilfe-fuer-guasmo.de\/wp-content\/uploads\/2024\/01\/Weihnachtsfeier23_Isabel-768x1024.jpeg 768w, https:\/\/www.hilfe-fuer-guasmo.de\/wp-content\/uploads\/2024\/01\/Weihnachtsfeier23_Isabel.jpeg 780w\" sizes=\"(max-width: 600px) 100vw, 600px\" \/><\/figure><\/li><\/ul><\/figure>\n\n\n\n<div class=\"wp-block-columns\">\n<div class=\"wp-block-column\" style=\"flex-basis:66.66%\">\n<figure class=\"wp-block-image size-large\"><img loading=\"lazy\" width=\"1040\" height=\"780\" src=\"https:\/\/www.hilfe-fuer-guasmo.de\/wp-content\/uploads\/2024\/01\/Weihnachtsfeier23_Gruppe-La-Aurora.jpeg\" alt=\"\" class=\"wp-image-2694\" srcset=\"https:\/\/www.hilfe-fuer-guasmo.de\/wp-content\/uploads\/2024\/01\/Weihnachtsfeier23_Gruppe-La-Aurora.jpeg 1040w, https:\/\/www.hilfe-fuer-guasmo.de\/wp-content\/uploads\/2024\/01\/Weihnachtsfeier23_Gruppe-La-Aurora-750x563.jpeg 750w, https:\/\/www.hilfe-fuer-guasmo.de\/wp-content\/uploads\/2024\/01\/Weihnachtsfeier23_Gruppe-La-Aurora-768x576.jpeg 768w\" sizes=\"(max-width: 1040px) 100vw, 1040px\" \/><\/figure>\n<\/div>\n\n\n\n<div class=\"wp-block-column\" style=\"flex-basis:33.33%\">\n<figure class=\"wp-block-image size-large\"><img loading=\"lazy\" width=\"543\" height=\"800\" src=\"https:\/\/www.hilfe-fuer-guasmo.de\/wp-content\/uploads\/2024\/01\/Weihnachtsfeier_23_Essen_2-1-543x800.jpg\" alt=\"\" class=\"wp-image-2721\" srcset=\"https:\/\/www.hilfe-fuer-guasmo.de\/wp-content\/uploads\/2024\/01\/Weihnachtsfeier_23_Essen_2-1-543x800.jpg 543w, https:\/\/www.hilfe-fuer-guasmo.de\/wp-content\/uploads\/2024\/01\/Weihnachtsfeier_23_Essen_2-1-407x600.jpg 407w, https:\/\/www.hilfe-fuer-guasmo.de\/wp-content\/uploads\/2024\/01\/Weihnachtsfeier_23_Essen_2-1-768x1133.jpg 768w, https:\/\/www.hilfe-fuer-guasmo.de\/wp-content\/uploads\/2024\/01\/Weihnachtsfeier_23_Essen_2-1-1042x1536.jpg 1042w, https:\/\/www.hilfe-fuer-guasmo.de\/wp-content\/uploads\/2024\/01\/Weihnachtsfeier_23_Essen_2-1.jpg 1085w\" sizes=\"(max-width: 543px) 100vw, 543px\" \/><\/figure>\n<\/div>\n<\/div>\n\n\n\n<p>Zun\u00e4chst wurden verschiedene kleine Vortr\u00e4ge gehalten, unter anderem berichtete eine langj\u00e4hrige Stipendiatin von ihrem Werdegang.<br>Auch wir aus Deutschland bekamen Gelegenheit, per Zoom einige Worte an die Kinder und Jugendlichen zu richten.<br>Die besten Stipendiatinnen erhielten eine Auszeichnung.<br>Alle bekamen als Weihnachtsgeschenk einen Gutschein im Wert von 20$. Zum Schluss freuten sich alle \u00fcber eine Schokolade und ein Sandwich. <\/p>\n\n\n\n<p style=\"font-size:32px\"><strong>Jahresauftakt-Treffen in Puerto Napo<\/strong><\/p>\n\n\n\n<div class=\"wp-block-group\"><div class=\"wp-block-group__inner-container\">\n<p>Unsere Stipendiatinnen im Oriente durften sich am 16. Januar an einen sch\u00f6n gedeckten Tisch setzen und ein gutes Essen genie\u00dfen. Dabei kamen auch der Austausch untereinander und die Gespr\u00e4che mit unserer Sozialarbeiterin Sandra nicht zu kurz.<br>Eine besondere \u00dcberraschung war die T\u00fcte, die jedes M\u00e4dchen als Geschenk bekam. Darin befanden sich Bettw\u00e4sche und ein Badetuch &#8211; sch\u00f6ne und n\u00fctzliche Dinge, die alle gut gebrauchen k\u00f6nnen. Einige M\u00e4dchen dr\u00fcckten stellvertretend f\u00fcr alle in Videobotschaften ihren Dank an den Verein in Deutschland aus.<\/p>\n<\/div><\/div>\n\n\n\n<figure class=\"wp-block-image size-large\"><img loading=\"lazy\" width=\"752\" height=\"800\" src=\"https:\/\/www.hilfe-fuer-guasmo.de\/wp-content\/uploads\/2024\/01\/Weihnachten_23_PN_Essen3-752x800.jpg\" alt=\"\" class=\"wp-image-2712\" srcset=\"https:\/\/www.hilfe-fuer-guasmo.de\/wp-content\/uploads\/2024\/01\/Weihnachten_23_PN_Essen3-752x800.jpg 752w, https:\/\/www.hilfe-fuer-guasmo.de\/wp-content\/uploads\/2024\/01\/Weihnachten_23_PN_Essen3-564x600.jpg 564w, https:\/\/www.hilfe-fuer-guasmo.de\/wp-content\/uploads\/2024\/01\/Weihnachten_23_PN_Essen3-768x817.jpg 768w, https:\/\/www.hilfe-fuer-guasmo.de\/wp-content\/uploads\/2024\/01\/Weihnachten_23_PN_Essen3.jpg 1200w\" sizes=\"(max-width: 752px) 100vw, 752px\" \/><\/figure>\n\n\n\n<figure class=\"wp-block-image size-large\"><img loading=\"lazy\" width=\"1582\" height=\"746\" src=\"https:\/\/www.hilfe-fuer-guasmo.de\/wp-content\/uploads\/2024\/01\/Weihnachten_23_PN_alle.jpg\" alt=\"\" class=\"wp-image-2698\" srcset=\"https:\/\/www.hilfe-fuer-guasmo.de\/wp-content\/uploads\/2024\/01\/Weihnachten_23_PN_alle.jpg 1582w, https:\/\/www.hilfe-fuer-guasmo.de\/wp-content\/uploads\/2024\/01\/Weihnachten_23_PN_alle-750x354.jpg 750w, https:\/\/www.hilfe-fuer-guasmo.de\/wp-content\/uploads\/2024\/01\/Weihnachten_23_PN_alle-768x362.jpg 768w, https:\/\/www.hilfe-fuer-guasmo.de\/wp-content\/uploads\/2024\/01\/Weihnachten_23_PN_alle-1536x724.jpg 1536w\" sizes=\"(max-width: 1582px) 100vw, 1582px\" \/><\/figure>\n","protected":false},"excerpt":{"rendered":"<p>Im Dezember gab es in Guayaquil\/La Aurora wieder ein vorweihnachtliches Treffen unserer Sch\u00fctzlinge und im Januar fand in Puerto Napo das traditionelle Beisammensein der Stipendiatinnen zum Jahresauftakt statt. Im Folgenden finden Sie einige Eindr\u00fccke. Weihnachtsfeier in Guayaquil\/La Aurora Gerne folgten die Stipendiatinnen und Stipendiaten der Einladung unserer Mitarbeiterinnen Jovhanka und Isabel zur Weihnachtsfeier am 09. &hellip; <a href=\"https:\/\/www.hilfe-fuer-guasmo.de\/es\/aktuelles\/neues-aus-den-projekten\/weihnachten-2023\/\" class=\"more-link\">Seguir leyendo <span class=\"screen-reader-text\"><\/span> <span class=\"meta-nav\">&rarr;<\/span><\/a><\/p>\n","protected":false},"author":4,"featured_media":0,"parent":767,"menu_order":2,"comment_status":"closed","ping_status":"closed","template":"","meta":[],"translation":{"provider":"WPGlobus","version":"3.0.0","language":"es","enabled_languages":["de","es"],"languages":{"de":{"title":false,"content":true,"excerpt":false},"es":{"title":false,"content":false,"excerpt":false}}},"yoast_head":"<!-- This site is optimized with the Yoast SEO plugin v18.1 - https:\/\/yoast.com\/wordpress\/plugins\/seo\/ -->\n<meta name=\"robots\" content=\"index, follow, max-snippet:-1, max-image-preview:large, max-video-preview:-1\" \/>\n<link rel=\"canonical\" href=\"https:\/\/www.hilfe-fuer-guasmo.de\/aktuelles\/neues-aus-den-projekten\/weihnachten-2023\/\" \/>\n<meta property=\"og:locale\" content=\"es_ES\" \/>\n<meta property=\"og:type\" content=\"article\" \/>\n<meta property=\"og:title\" content=\"- Hilfe fuer Guasmo\" \/>\n<meta property=\"og:url\" content=\"https:\/\/www.hilfe-fuer-guasmo.de\/aktuelles\/neues-aus-den-projekten\/weihnachten-2023\/\" \/>\n<meta property=\"og:site_name\" content=\"Hilfe fuer Guasmo\" \/>\n<meta property=\"article:modified_time\" content=\"2024-04-15T16:40:04+00:00\" \/>\n<meta property=\"og:image\" content=\"https:\/\/www.hilfe-fuer-guasmo.de\/wp-content\/uploads\/2024\/01\/Weihnachstfeier_23_Milena-beim-Vortrag--1003x800.jpg\" \/>\n<meta name=\"twitter:card\" content=\"summary\" \/>\n<meta name=\"twitter:label1\" content=\"Tiempo de lectura\" \/>\n\t<meta name=\"twitter:data1\" content=\"3 minutos\" \/>\n<script type=\"application\/ld+json\" class=\"yoast-schema-graph\">{\"@context\":\"https:\/\/schema.org\",\"@graph\":[{\"@type\":\"WebSite\",\"@id\":\"https:\/\/www.hilfe-fuer-guasmo.de\/#website\",\"url\":\"https:\/\/www.hilfe-fuer-guasmo.de\/\",\"name\":\"Hilfe fuer Guasmo\",\"description\":\"apoyar a ni\u00f1os en Ecuador\",\"potentialAction\":[{\"@type\":\"SearchAction\",\"target\":{\"@type\":\"EntryPoint\",\"urlTemplate\":\"https:\/\/www.hilfe-fuer-guasmo.de\/?s={search_term_string}\"},\"query-input\":\"required name=search_term_string\"}],\"inLanguage\":\"es\"},{\"@type\":\"ImageObject\",\"@id\":\"https:\/\/www.hilfe-fuer-guasmo.de\/aktuelles\/neues-aus-den-projekten\/weihnachten-2023\/#primaryimage\",\"inLanguage\":\"es\",\"url\":\"https:\/\/www.hilfe-fuer-guasmo.de\/wp-content\/uploads\/2024\/01\/Weihnachstfeier_23_Milena-beim-Vortrag--scaled.jpg\",\"contentUrl\":\"https:\/\/www.hilfe-fuer-guasmo.de\/wp-content\/uploads\/2024\/01\/Weihnachstfeier_23_Milena-beim-Vortrag--scaled.jpg\",\"width\":2560,\"height\":2041},{\"@type\":\"WebPage\",\"@id\":\"https:\/\/www.hilfe-fuer-guasmo.de\/aktuelles\/neues-aus-den-projekten\/weihnachten-2023\/#webpage\",\"url\":\"https:\/\/www.hilfe-fuer-guasmo.de\/aktuelles\/neues-aus-den-projekten\/weihnachten-2023\/\",\"name\":\"- Hilfe fuer Guasmo\",\"isPartOf\":{\"@id\":\"https:\/\/www.hilfe-fuer-guasmo.de\/#website\"},\"primaryImageOfPage\":{\"@id\":\"https:\/\/www.hilfe-fuer-guasmo.de\/aktuelles\/neues-aus-den-projekten\/weihnachten-2023\/#primaryimage\"},\"datePublished\":\"2024-01-21T16:32:21+00:00\",\"dateModified\":\"2024-04-15T16:40:04+00:00\",\"breadcrumb\":{\"@id\":\"https:\/\/www.hilfe-fuer-guasmo.de\/aktuelles\/neues-aus-den-projekten\/weihnachten-2023\/#breadcrumb\"},\"inLanguage\":\"es\",\"potentialAction\":[{\"@type\":\"ReadAction\",\"target\":[\"https:\/\/www.hilfe-fuer-guasmo.de\/aktuelles\/neues-aus-den-projekten\/weihnachten-2023\/\"]}]},{\"@type\":\"BreadcrumbList\",\"@id\":\"https:\/\/www.hilfe-fuer-guasmo.de\/aktuelles\/neues-aus-den-projekten\/weihnachten-2023\/#breadcrumb\",\"itemListElement\":[{\"@type\":\"ListItem\",\"position\":1,\"name\":\"Home\",\"item\":\"https:\/\/www.hilfe-fuer-guasmo.de\/\"},{\"@type\":\"ListItem\",\"position\":2,\"name\":\"Aktuelles\",\"item\":\"https:\/\/www.hilfe-fuer-guasmo.de\/aktuelles\/\"},{\"@type\":\"ListItem\",\"position\":3,\"name\":\"Neues aus Ecuador\",\"item\":\"https:\/\/www.hilfe-fuer-guasmo.de\/aktuelles\/neues-aus-den-projekten\/\"},{\"@type\":\"ListItem\",\"position\":4,\"name\":\"\"}]}]}<\/script>\n<!-- \/ Yoast SEO plugin. -->","yoast_head_json":{"robots":{"index":"index","follow":"follow","max-snippet":"max-snippet:-1","max-image-preview":"max-image-preview:large","max-video-preview":"max-video-preview:-1"},"canonical":"https:\/\/www.hilfe-fuer-guasmo.de\/aktuelles\/neues-aus-den-projekten\/weihnachten-2023\/","og_locale":"es_ES","og_type":"article","og_title":"- Hilfe fuer Guasmo","og_url":"https:\/\/www.hilfe-fuer-guasmo.de\/aktuelles\/neues-aus-den-projekten\/weihnachten-2023\/","og_site_name":"Hilfe fuer Guasmo","article_modified_time":"2024-04-15T16:40:04+00:00","og_image":[{"url":"https:\/\/www.hilfe-fuer-guasmo.de\/wp-content\/uploads\/2024\/01\/Weihnachstfeier_23_Milena-beim-Vortrag--1003x800.jpg"}],"twitter_card":"summary","twitter_misc":{"Tiempo de lectura":"3 minutos"},"schema":{"@context":"https:\/\/schema.org","@graph":[{"@type":"WebSite","@id":"https:\/\/www.hilfe-fuer-guasmo.de\/#website","url":"https:\/\/www.hilfe-fuer-guasmo.de\/","name":"Hilfe fuer Guasmo","description":"apoyar a ni\u00f1os en Ecuador","potentialAction":[{"@type":"SearchAction","target":{"@type":"EntryPoint","urlTemplate":"https:\/\/www.hilfe-fuer-guasmo.de\/?s={search_term_string}"},"query-input":"required name=search_term_string"}],"inLanguage":"es"},{"@type":"ImageObject","@id":"https:\/\/www.hilfe-fuer-guasmo.de\/aktuelles\/neues-aus-den-projekten\/weihnachten-2023\/#primaryimage","inLanguage":"es","url":"https:\/\/www.hilfe-fuer-guasmo.de\/wp-content\/uploads\/2024\/01\/Weihnachstfeier_23_Milena-beim-Vortrag--scaled.jpg","contentUrl":"https:\/\/www.hilfe-fuer-guasmo.de\/wp-content\/uploads\/2024\/01\/Weihnachstfeier_23_Milena-beim-Vortrag--scaled.jpg","width":2560,"height":2041},{"@type":"WebPage","@id":"https:\/\/www.hilfe-fuer-guasmo.de\/aktuelles\/neues-aus-den-projekten\/weihnachten-2023\/#webpage","url":"https:\/\/www.hilfe-fuer-guasmo.de\/aktuelles\/neues-aus-den-projekten\/weihnachten-2023\/","name":"- Hilfe fuer Guasmo","isPartOf":{"@id":"https:\/\/www.hilfe-fuer-guasmo.de\/#website"},"primaryImageOfPage":{"@id":"https:\/\/www.hilfe-fuer-guasmo.de\/aktuelles\/neues-aus-den-projekten\/weihnachten-2023\/#primaryimage"},"datePublished":"2024-01-21T16:32:21+00:00","dateModified":"2024-04-15T16:40:04+00:00","breadcrumb":{"@id":"https:\/\/www.hilfe-fuer-guasmo.de\/aktuelles\/neues-aus-den-projekten\/weihnachten-2023\/#breadcrumb"},"inLanguage":"es","potentialAction":[{"@type":"ReadAction","target":["https:\/\/www.hilfe-fuer-guasmo.de\/aktuelles\/neues-aus-den-projekten\/weihnachten-2023\/"]}]},{"@type":"BreadcrumbList","@id":"https:\/\/www.hilfe-fuer-guasmo.de\/aktuelles\/neues-aus-den-projekten\/weihnachten-2023\/#breadcrumb","itemListElement":[{"@type":"ListItem","position":1,"name":"Home","item":"https:\/\/www.hilfe-fuer-guasmo.de\/"},{"@type":"ListItem","position":2,"name":"Aktuelles","item":"https:\/\/www.hilfe-fuer-guasmo.de\/aktuelles\/"},{"@type":"ListItem","position":3,"name":"Neues aus Ecuador","item":"https:\/\/www.hilfe-fuer-guasmo.de\/aktuelles\/neues-aus-den-projekten\/"},{"@type":"ListItem","position":4,"name":""}]}]}},"_links":{"self":[{"href":"https:\/\/www.hilfe-fuer-guasmo.de\/es\/wp-json\/wp\/v2\/pages\/2683"}],"collection":[{"href":"https:\/\/www.hilfe-fuer-guasmo.de\/es\/wp-json\/wp\/v2\/pages"}],"about":[{"href":"https:\/\/www.hilfe-fuer-guasmo.de\/es\/wp-json\/wp\/v2\/types\/page"}],"author":[{"embeddable":true,"href":"https:\/\/www.hilfe-fuer-guasmo.de\/es\/wp-json\/wp\/v2\/users\/4"}],"replies":[{"embeddable":true,"href":"https:\/\/www.hilfe-fuer-guasmo.de\/es\/wp-json\/wp\/v2\/comments?post=2683"}],"version-history":[{"count":28,"href":"https:\/\/www.hilfe-fuer-guasmo.de\/es\/wp-json\/wp\/v2\/pages\/2683\/revisions"}],"predecessor-version":[{"id":2744,"href":"https:\/\/www.hilfe-fuer-guasmo.de\/es\/wp-json\/wp\/v2\/pages\/2683\/revisions\/2744"}],"up":[{"embeddable":true,"href":"https:\/\/www.hilfe-fuer-guasmo.de\/es\/wp-json\/wp\/v2\/pages\/767"}],"wp:attachment":[{"href":"https:\/\/www.hilfe-fuer-guasmo.de\/es\/wp-json\/wp\/v2\/media?parent=2683"}],"curies":[{"name":"wp","href":"https:\/\/api.w.org\/{rel}","templated":true}]}}